{"id":207,"date":"2012-02-07T14:15:29","date_gmt":"2012-02-07T14:15:29","guid":{"rendered":"http:\/\/nuestragaita.com\/?page_id=207"},"modified":"2012-02-07T14:20:06","modified_gmt":"2012-02-07T14:20:06","slug":"premios","status":"publish","type":"page","link":"https:\/\/nuestragaita.com\/?page_id=207","title":{"rendered":"Premios"},"content":{"rendered":"<p align=\"justify\"><span style=\"font-family: Verdana,Arial,Helvetica,sans-serif; font-size: x-small;\" face=\"Verdana, Arial, Helvetica, sans-serif\" size=\"2\">NuestraGaita.Com ha recibido importantes galardones que premian esta labor pionera en la difusi\u00f3n de Gaitas v\u00eda Internet y que tambi\u00e9n comprometen a\u00fan m\u00e1s el trabajo por hacerlo cada d\u00eda mejor.<\/span><\/p>\n<ul>\n<li><strong><span style=\"font-family: Verdana,Arial,Helvetica,sans-serif; font-size: x-small;\" face=\"Verdana, Arial, Helvetica, sans-serif\" size=\"2\">2012 &#8211; Chiquinquir\u00e1 de Diamante como Primer Portal Web.<\/span><\/strong><\/li>\n<li><strong><span style=\"font-family: Verdana,Arial,Helvetica,sans-serif; font-size: x-small;\" face=\"Verdana, Arial, Helvetica, sans-serif\" size=\"2\">2011 &#8211; Gr\u00e1n \u00c1guila de Venezuela como Primer Portal Gaitero del Pa\u00eds.<\/span><\/strong><\/li>\n<li><strong><span style=\"font-family: Verdana,Arial,Helvetica,sans-serif; font-size: x-small;\" face=\"Verdana, Arial, Helvetica, sans-serif\" size=\"2\">2011 &#8211; Mara Doble Diamante como Portal Gaitero del A\u00f1o.<\/span><\/strong><\/li>\n<li><strong><span style=\"font-family: Verdana,Arial,Helvetica,sans-serif; font-size: x-small;\" face=\"Verdana, Arial, Helvetica, sans-serif\" size=\"2\">2010 &#8211; Sol Larense como Portal Web Gaitero del a\u00f1o en Venezuela.<\/span><\/strong><\/li>\n<li><strong><span style=\"font-family: Verdana,Arial,Helvetica,sans-serif; font-size: x-small;\" face=\"Verdana, Arial, Helvetica, sans-serif\" size=\"2\">2009 &#8211; Jes\u00fas \u00abChucho\u00bb Bravo Gonz\u00e1lez.<\/span><\/strong><\/li>\n<li><strong><span style=\"font-family: Verdana,Arial,Helvetica,sans-serif; font-size: x-small;\" face=\"Verdana, Arial, Helvetica, sans-serif\" size=\"2\">2009 &#8211; Mara de Oro como Portal Web Gaitero del a\u00f1o.<\/span><\/strong><\/li>\n<li><strong><span style=\"font-family: Verdana,Arial,Helvetica,sans-serif; font-size: x-small;\" face=\"Verdana, Arial, Helvetica, sans-serif\" size=\"2\">2009 &#8211; Sol Larense como P\u00e1gina Web del a\u00f1o.<\/span><\/strong><\/li>\n<li><span style=\"font-family: Verdana,Arial,Helvetica,sans-serif; font-size: x-small;\" face=\"Verdana, Arial, Helvetica, sans-serif\" size=\"2\"><strong>2009 &#8211; Placa del Programa Gaiteando con Hern\u00e1n como Portal Gaitero del a\u00f1o.<\/strong><\/span><\/li>\n<li><strong><span style=\"font-family: Verdana,Arial,Helvetica,sans-serif; font-size: x-small;\" face=\"Verdana, Arial, Helvetica, sans-serif\" size=\"2\">2008 &#8211; Reconocimiento en el premio \u00abMonumental Ricardo Aguirre\u00bb.<\/span><\/strong><\/li>\n<li><strong><span style=\"font-family: Verdana,Arial,Helvetica,sans-serif; font-size: x-small;\" face=\"Verdana, Arial, Helvetica, sans-serif\" size=\"2\">2008 &#8211; Furro del Segundo Festival Nacional \u00abEntre Gaitas y Gaiteros\u00bb.<\/span><\/strong><strong><span style=\"font-family: Verdana,Arial,Helvetica,sans-serif; font-size: x-small;\" face=\"Verdana, Arial, Helvetica, sans-serif\" size=\"2\"><\/span><\/strong><\/li>\n<li><strong><span style=\"font-family: Verdana,Arial,Helvetica,sans-serif; font-size: x-small;\" face=\"Verdana, Arial, Helvetica, sans-serif\" size=\"2\">2007 &#8211; Mara de Platino como Portal Gaitero de Venezuela.<\/span><\/strong><\/li>\n<li><strong><span style=\"font-family: Verdana,Arial,Helvetica,sans-serif; font-size: x-small;\" face=\"Verdana, Arial, Helvetica, sans-serif\" size=\"2\">2007 &#8211; El Monumental Ricardo Aguirre II Edici\u00f3n.<\/span><\/strong><strong><span style=\"font-family: Verdana,Arial,Helvetica,sans-serif; font-size: x-small;\" face=\"Verdana, Arial, Helvetica, sans-serif\" size=\"2\"><\/span><\/strong><\/li>\n<li><strong><span style=\"font-family: Verdana,Arial,Helvetica,sans-serif; font-size: x-small;\" face=\"Verdana, Arial, Helvetica, sans-serif\" size=\"2\">2006 &#8211; Medall\u00f3n Chiquinquir\u00e1 de Oro como Portal Gaitero de Venezuela.<\/span><\/strong><strong><span style=\"font-family: Verdana,Arial,Helvetica,sans-serif; font-size: x-small;\" face=\"Verdana, Arial, Helvetica, sans-serif\" size=\"2\"><\/span><\/strong><\/li>\n<li><strong><span style=\"font-family: Verdana,Arial,Helvetica,sans-serif; font-size: x-small;\" face=\"Verdana, Arial, Helvetica, sans-serif\" size=\"2\">2006 &#8211; Placa Reconociemiento de la agrupaci\u00f3n Gaita y Tradici\u00f3n.<\/span><\/strong><strong><span style=\"font-family: Verdana,Arial,Helvetica,sans-serif; font-size: x-small;\" face=\"Verdana, Arial, Helvetica, sans-serif\" size=\"2\"><\/span><\/strong><\/li>\n<li><strong><span style=\"font-family: Verdana,Arial,Helvetica,sans-serif; font-size: x-small;\" face=\"Verdana, Arial, Helvetica, sans-serif\" size=\"2\">2006 &#8211; Mara de Oro como Portal Gaitero de Venezuela.<\/span><\/strong><strong><span style=\"font-family: Verdana,Arial,Helvetica,sans-serif; font-size: x-small;\" face=\"Verdana, Arial, Helvetica, sans-serif\" size=\"2\"><\/span><\/strong><\/li>\n<li><strong><span style=\"font-family: Verdana,Arial,Helvetica,sans-serif; font-size: x-small;\" face=\"Verdana, Arial, Helvetica, sans-serif\" size=\"2\">2005 &#8211; Chiquinquir\u00e1 de Oro como Portal Gaitero de Venezuela.<\/span><\/strong><strong><span style=\"font-family: Verdana,Arial,Helvetica,sans-serif; font-size: x-small;\" face=\"Verdana, Arial, Helvetica, sans-serif\" size=\"2\"><\/span><\/strong><\/li>\n<li><strong><span style=\"font-family: Verdana,Arial,Helvetica,sans-serif; font-size: x-small;\" face=\"Verdana, Arial, Helvetica, sans-serif\" size=\"2\">2005 &#8211; Finalista en el rengl\u00f3n M\u00fasica de \u00abLo Mejor de Punto Com\u00bb.<\/span><\/strong><strong><span style=\"font-family: Verdana,Arial,Helvetica,sans-serif; font-size: x-small;\" face=\"Verdana, Arial, Helvetica, sans-serif\" size=\"2\"><\/span><\/strong><\/li>\n<li><strong><span style=\"font-family: Verdana,Arial,Helvetica,sans-serif; font-size: x-small;\" face=\"Verdana, Arial, Helvetica, sans-serif\" size=\"2\">2005 &#8211; Mara de Oro como Portal Gaitero de Venezuela.<\/span><\/strong><strong><span style=\"font-family: Verdana,Arial,Helvetica,sans-serif; font-size: x-small;\" face=\"Verdana, Arial, Helvetica, sans-serif\" size=\"2\"><\/span><\/strong><\/li>\n<li><strong><span style=\"font-family: Verdana,Arial,Helvetica,sans-serif; font-size: x-small;\" face=\"Verdana, Arial, Helvetica, sans-serif\" size=\"2\">2004 &#8211; Chiquinquir\u00e1 de Oro como Portal Web Gaitero de Venezuela.<\/span><\/strong><\/li>\n<\/ul>\n<div align=\"center\">\n<table border=\"0\" width=\"100%\">\n<tbody>\n<tr>\n<td>\n<div align=\"center\">\n<p><span style=\"font-family: Verdana,Arial,Helvetica,sans-serif; font-size: xx-small;\" face=\"Verdana, Arial, Helvetica, sans-serif\" size=\"1\"><strong><img loading=\"lazy\" decoding=\"async\" src=\"http:\/\/www.nuestragaita.com\/chiquinquira2012%203.JPG\" height=\"195\" width=\"259\" \/><br \/>\nChiquinquir\u00e1 de Diamante &#8211; 2012<\/strong><\/span><\/p>\n<\/div>\n<\/td>\n<\/tr>\n<\/tbody>\n<\/table>\n<table border=\"0\" width=\"100%\">\n<tbody>\n<tr>\n<td>\n<div align=\"center\"><img loading=\"lazy\" decoding=\"async\" src=\"http:\/\/www.nuestragaita.com\/granaguila20112.jpg\" height=\"173\" width=\"227\" \/><strong><span style=\"font-size: xx-small;\" size=\"1\"><strong><\/strong><br \/>\n<\/span><span style=\"font-size: xx-small;\" size=\"1\"><strong>Gran \u00c1guila de Venezuela &#8211; 2011<\/strong><br \/>\n<\/span><\/strong><\/div>\n<\/td>\n<td>\n<div align=\"center\"><span style=\"font-family: Verdana,Arial,Helvetica,sans-serif; font-size: x-small;\" face=\"Verdana, Arial, Helvetica, sans-serif\" size=\"2\"><img loading=\"lazy\" decoding=\"async\" src=\"http:\/\/www.nuestragaita.com\/maradeoro20112.jpg\" height=\"169\" width=\"217\" \/><\/span><br \/>\n<span style=\"font-family: Verdana,Arial,Helvetica,sans-serif; font-size: xx-small;\" face=\"Verdana, Arial, Helvetica, sans-serif\" size=\"1\"><strong>Mara Doble Diamante &#8211; 2011<\/strong><\/span><\/div>\n<\/td>\n<\/tr>\n<\/tbody>\n<\/table>\n<table border=\"0\" width=\"100%\">\n<tbody>\n<tr>\n<td width=\"42%\">\n<div align=\"center\"><span style=\"font-family: Verdana,Arial,Helvetica,sans-serif; font-size: xx-small;\" face=\"Verdana, Arial, Helvetica, sans-serif\" size=\"1\"><img loading=\"lazy\" decoding=\"async\" src=\"http:\/\/www.nuestragaita.com\/sollarense2010%202.jpg\" height=\"186\" width=\"159\" \/><br \/>\n<strong><span style=\"font-family: Verdana,Arial,Helvetica,sans-serif; font-size: xx-small;\" face=\"Verdana, Arial, Helvetica, sans-serif\" size=\"1\">Sol Larense &#8211; 2010<\/span><\/strong><\/span><\/div>\n<\/td>\n<td width=\"58%\">\n<div align=\"center\"><span style=\"font-family: Verdana,Arial,Helvetica,sans-serif; font-size: xx-small;\" face=\"Verdana, Arial, Helvetica, sans-serif\" size=\"1\"><strong><img loading=\"lazy\" decoding=\"async\" src=\"http:\/\/www.nuestragaita.com\/pomponioyneiloenbajadadelosfurros.JPG\" height=\"191\" width=\"277\" \/><br \/>\nJes\u00fas \u00abChucho\u00bb Bravo Gonz\u00e1lez &#8211; 2009<\/strong><\/span><\/div>\n<\/td>\n<\/tr>\n<\/tbody>\n<\/table>\n<\/div>\n<table border=\"0\" width=\"100%\">\n<tbody>\n<tr>\n<td height=\"199\" width=\"51%\">\n<div align=\"center\"><span style=\"font-family: Verdana,Arial,Helvetica,sans-serif; font-size: xx-small;\" face=\"Verdana, Arial, Helvetica, sans-serif\" size=\"1\"><strong><strong>Mara de Oro 2009<\/strong><\/strong><br \/>\n<img loading=\"lazy\" decoding=\"async\" src=\"http:\/\/www.nuestragaita.com\/maradeoro2009%202.JPG\" height=\"159\" width=\"196\" \/><br \/>\n<strong><strong>Portal Web Gaitero del a\u00f1o &#8211; 2009<\/strong><\/strong> <\/span><\/div>\n<\/td>\n<td width=\"49%\">\n<div align=\"center\"><span style=\"font-family: Verdana,Arial,Helvetica,sans-serif; font-size: xx-small;\" face=\"Verdana, Arial, Helvetica, sans-serif\" size=\"1\"><strong><strong>Portal Gaitero del a\u00f1o 2009<\/strong><br \/>\n<img loading=\"lazy\" decoding=\"async\" src=\"http:\/\/www.nuestragaita.com\/placagaiteandoconhernan.JPG\" height=\"160\" width=\"219\" \/><br \/>\nGaiteando con Hern\u00e1n &#8211; 2009<\/strong><\/span><\/div>\n<\/td>\n<\/tr>\n<\/tbody>\n<\/table>\n<table border=\"0\" width=\"100%\">\n<tbody>\n<tr>\n<td width=\"26%\">\n<div align=\"center\"><span style=\"font-family: Verdana,Arial,Helvetica,sans-serif; font-size: xx-small;\" face=\"Verdana, Arial, Helvetica, sans-serif\" size=\"1\"><strong><strong>P\u00e1gina Web Gaitera<\/strong><br \/>\n<img loading=\"lazy\" decoding=\"async\" src=\"http:\/\/www.nuestragaita.com\/sollarense20081.JPG\" height=\"151\" width=\"117\" \/><br \/>\nSol Larense 2009<\/strong><\/span><\/div>\n<\/td>\n<td width=\"33%\">\n<div align=\"center\"><span style=\"font-family: Verdana,Arial,Helvetica,sans-serif; font-size: xx-small;\" face=\"Verdana, Arial, Helvetica, sans-serif\" size=\"1\"><strong><strong>Primer Portal de Gaitas de Vnzla<\/strong><\/strong><\/span><br \/>\n<img loading=\"lazy\" decoding=\"async\" src=\"http:\/\/www.nuestragaita.com\/premiomonumental2008.JPG\" height=\"140\" width=\"148\" \/><br \/>\n<span style=\"font-family: Verdana,Arial,Helvetica,sans-serif; font-size: xx-small;\" face=\"Verdana, Arial, Helvetica, sans-serif\" size=\"1\"><strong> Monumental Ricardo Aguirre 2008<\/strong><\/span><\/div>\n<\/td>\n<td width=\"41%\">\n<div align=\"center\"><span style=\"font-family: Verdana,Arial,Helvetica,sans-serif; font-size: xx-small;\" face=\"Verdana, Arial, Helvetica, sans-serif\" size=\"1\"><strong><strong>Apoyo a la gaita en el mundo<\/strong><\/strong><\/span><br \/>\n<img loading=\"lazy\" decoding=\"async\" src=\"http:\/\/www.nuestragaita.com\/entregafurrofestivalheberto.JPG\" height=\"142\" width=\"220\" \/><br \/>\n<strong><span style=\"font-family: Verdana,Arial,Helvetica,sans-serif; font-size: xx-small;\" face=\"Verdana, Arial, Helvetica, sans-serif\" size=\"1\">Furro del II Festival Nacional &#8211; 2008<\/span><\/strong><\/div>\n<\/td>\n<\/tr>\n<\/tbody>\n<\/table>\n<table border=\"0\" width=\"100%\">\n<tbody>\n<tr>\n<td height=\"200\">\n<div align=\"center\">\n<p><span style=\"font-family: Verdana,Arial,Helvetica,sans-serif; font-size: xx-small;\" face=\"Verdana, Arial, Helvetica, sans-serif\" size=\"1\"><strong><strong>Mara de Platino 2007<\/strong><br \/>\n<img loading=\"lazy\" decoding=\"async\" src=\"http:\/\/www.nuestragaita.com\/maradeplatino20071.JPG\" height=\"142\" width=\"184\" \/><br \/>\n<strong>Portal Gaitero de Venezuela<\/strong> <\/strong><\/span><\/p>\n<\/div>\n<\/td>\n<td width=\"35%\">\n<div align=\"center\"><span style=\"font-family: Verdana,Arial,Helvetica,sans-serif; font-size: xx-small;\" face=\"Verdana, Arial, Helvetica, sans-serif\" size=\"1\"><strong><img loading=\"lazy\" decoding=\"async\" src=\"http:\/\/www.nuestragaita.com\/premiomonumental.JPG\" height=\"157\" width=\"124\" \/><br \/>\nMonumental Ricardo Aguirre<br \/>\n<\/strong><\/span><\/div>\n<\/td>\n<td width=\"35%\">\n<div align=\"center\"><span style=\"font-family: Verdana,Arial,Helvetica,sans-serif; font-size: xx-small;\" face=\"Verdana, Arial, Helvetica, sans-serif\" size=\"1\"><strong>Chiquinquir\u00e1 de Oro 2006<\/strong><br \/>\n<img loading=\"lazy\" decoding=\"async\" src=\"http:\/\/www.nuestragaita.com\/chiquinquira2006.JPG\" height=\"141\" width=\"162\" \/><br \/>\n<strong>Portal Gaitero<br \/>\n<\/strong><\/span><\/div>\n<\/td>\n<\/tr>\n<tr>\n<td height=\"177\" width=\"35%\">\n<div align=\"center\"><span style=\"font-family: Verdana,Arial,Helvetica,sans-serif; font-size: xx-small;\" face=\"Verdana, Arial, Helvetica, sans-serif\" size=\"1\"><strong>Mara de Oro 2006<br \/>\n<img loading=\"lazy\" decoding=\"async\" src=\"http:\/\/www.nuestragaita.com\/neilopomponiomara2006.JPG\" height=\"139\" width=\"121\" \/><\/strong><br \/>\n<strong>Portal Gaitero<\/strong><\/span><\/div>\n<\/td>\n<td>\n<div align=\"center\"><span style=\"font-family: Verdana,Arial,Helvetica,sans-serif; font-size: xx-small;\" face=\"Verdana, Arial, Helvetica, sans-serif\" size=\"1\"><strong>Gaita y Tradici\u00f3n<\/strong><\/span><br \/>\n<span style=\"font-family: Verdana,Arial,Helvetica,sans-serif; font-size: xx-small;\" face=\"Verdana, Arial, Helvetica, sans-serif\" size=\"1\"><img loading=\"lazy\" decoding=\"async\" src=\"http:\/\/www.nuestragaita.com\/placagaitaytradicion3.JPG\" height=\"138\" width=\"135\" \/><br \/>\n<strong>Placa Reconocimiento <\/strong><\/span><\/div>\n<\/td>\n<td>\n<div align=\"center\"><span style=\"font-family: Verdana,Arial,Helvetica,sans-serif; font-size: xx-small;\" face=\"Verdana, Arial, Helvetica, sans-serif\" size=\"1\"><strong>Chiquinquir\u00e1 de Oro 2005<\/strong><br \/>\n<img loading=\"lazy\" decoding=\"async\" src=\"http:\/\/www.nuestragaita.com\/entregaplaca.jpg\" height=\"100\" width=\"125\" \/><br \/>\n<strong>Portal Gaitero<\/strong><\/span><\/div>\n<\/td>\n<\/tr>\n<tr>\n<td height=\"141\">\n<div align=\"center\"><span style=\"font-family: Verdana,Arial,Helvetica,sans-serif; font-size: xx-small;\" face=\"Verdana, Arial, Helvetica, sans-serif\" size=\"1\"><strong>Mara de Oro 2005<\/strong><br \/>\n<img loading=\"lazy\" decoding=\"async\" src=\"http:\/\/www.nuestragaita.com\/entregamara.JPG\" height=\"97\" width=\"128\" \/><br \/>\n<strong>Portal Gaitero<\/strong><\/span><\/div>\n<\/td>\n<td>\n<div align=\"center\"><span style=\"font-family: Verdana,Arial,Helvetica,sans-serif; font-size: xx-small;\" face=\"Verdana, Arial, Helvetica, sans-serif\" size=\"1\"><strong>LoMejorde.Com 2005 <\/strong><br \/>\n<img loading=\"lazy\" decoding=\"async\" src=\"http:\/\/www.nuestragaita.com\/logolomejor.gif\" height=\"60\" width=\"130\" \/><br \/>\n<strong>Finalista en el rengl\u00f3n M\u00fasica<\/strong><\/span><\/div>\n<\/td>\n<td>\n<div align=\"center\"><span style=\"font-family: Verdana,Arial,Helvetica,sans-serif; font-size: xx-small;\" face=\"Verdana, Arial, Helvetica, sans-serif\" size=\"1\"><strong>Chiquinquir\u00e1 de Oro 2004<\/strong><br \/>\n<img loading=\"lazy\" decoding=\"async\" src=\"http:\/\/www.nuestragaita.com\/neilopomponioconplaca.jpg\" height=\"100\" width=\"119\" \/><br \/>\n<strong>Portal Web Gaitero<\/strong><\/span><\/div>\n<\/td>\n<\/tr>\n<\/tbody>\n<\/table>\n","protected":false},"excerpt":{"rendered":"NuestraGaita.Com ha recibido importantes galardones que premian esta labor pionera en la difusi\u00f3n de Gaitas v\u00eda Internet y que tambi\u00e9n comprometen a\u00fan m\u00e1s el trabajo por hacerlo cada d\u00eda mejor. 2012 &#8211; Chiquinquir\u00e1 de Diamante como Primer Portal Web. 2011 &#8211; Gr\u00e1n \u00c1guila de Venezuela como Primer Portal Gaitero del Pa\u00eds. 2011 &#8211; Mara Doble Diamante como Portal Gaitero del A\u00f1o. 2010 &#8211; Sol Larense como Portal Web Gaitero del a\u00f1o en Venezuela. 2009 &#8211; Jes\u00fas \u00abChucho\u00bb Bravo Gonz\u00e1lez. 2009 &#8211; Mara de Oro como Portal Web Gaitero del a\u00f1o. 2009 &#8211; Sol Larense como P\u00e1gina Web del a\u00f1o. 2009 [&hellip;]","protected":false},"author":1,"featured_media":0,"parent":0,"menu_order":1,"comment_status":"open","ping_status":"closed","template":"","meta":{"spay_email":"","footnotes":""},"jetpack_sharing_enabled":true,"jetpack_shortlink":"https:\/\/wp.me\/P5ZLAL-3l","jetpack-related-posts":[],"_links":{"self":[{"href":"https:\/\/nuestragaita.com\/index.php?rest_route=\/wp\/v2\/pages\/207"}],"collection":[{"href":"https:\/\/nuestragaita.com\/index.php?rest_route=\/wp\/v2\/pages"}],"about":[{"href":"https:\/\/nuestragaita.com\/index.php?rest_route=\/wp\/v2\/types\/page"}],"author":[{"embeddable":true,"href":"https:\/\/nuestragaita.com\/index.php?rest_route=\/wp\/v2\/users\/1"}],"replies":[{"embeddable":true,"href":"https:\/\/nuestragaita.com\/index.php?rest_route=%2Fwp%2Fv2%2Fcomments&post=207"}],"version-history":[{"count":4,"href":"https:\/\/nuestragaita.com\/index.php?rest_route=\/wp\/v2\/pages\/207\/revisions"}],"predecessor-version":[{"id":209,"href":"https:\/\/nuestragaita.com\/index.php?rest_route=\/wp\/v2\/pages\/207\/revisions\/209"}],"wp:attachment":[{"href":"https:\/\/nuestragaita.com\/index.php?rest_route=%2Fwp%2Fv2%2Fmedia&parent=207"}],"curies":[{"name":"wp","href":"https:\/\/api.w.org\/{rel}","templated":true}]}}